{"id":5387,"date":"2021-11-18T20:53:54","date_gmt":"2021-11-18T20:53:54","guid":{"rendered":"https:\/\/dorfladen-netzwerk.com\/?page_id=5387"},"modified":"2023-02-07T08:57:13","modified_gmt":"2023-02-07T08:57:13","slug":"dorfladen-akademie","status":"publish","type":"page","link":"https:\/\/bvbdl.de\/index.php\/dorfladen-akademie\/","title":{"rendered":"Dorfladen Akademie 24\/7"},"content":{"rendered":"\n<p class=\"has-text-align-center has-accent-color has-text-color has-medium-font-size\"><strong>Weiterbildung Zeit- und Ortsunabh\u00e4ngig &#8211; Das ist unsere Dorfladen Akademie<\/strong><\/p>\n\n\n\n<p class=\"has-text-align-center has-accent-color has-text-color has-medium-font-size\">Zielgruppe sind die <strong><span class=\"has-inline-color has-navbar-text-color-hover-color\">MitarbeiterInnen <\/span><\/strong>unserer Dorfl\u00e4den!<\/p>\n\n\n\n<p><strong>Aktuell \u00fcberarbeiten wir das Gesamtkonzept. Sollten Sie aktuell Fragen haben oder Unterst\u00fctzung ben\u00f6tigen, nehmen Sie bitte <a href=\"https:\/\/bvbdl.de\/index.php\/das-beraterteam\/\">Kontakt <\/a>mit uns auf.<\/strong><\/p>\n\n\n\n<p><\/p>\n\n\n\n<p class=\"has-text-align-center has-accent-color has-text-color has-large-font-size\"><strong>Die Teilnahme ist f\u00fcr Mitglieder der Vereinigung der B\u00fcrger- und Dorfl\u00e4den kostenlos.<\/strong><\/p>\n\n\n\n<div class=\"wp-block-buttons is-layout-flex wp-block-buttons-is-layout-flex\"><\/div>\n\n\n\n<h2 class=\"wp-block-heading\"><strong><u>Vorteile f\u00fcr Sie als Dorfladen:<\/u><\/strong><\/h2>\n\n\n\n<ul class=\"wp-block-list\"><li>Sie als Chef bilden eigenverantwortliche Mitarbeiter heran die eigenst\u00e4ndig denken und handeln.<\/li><li>Ihnen bleibt daf\u00fcr mehr Zeit, sich um die wirklich wichtigen Dinge zu k\u00fcmmern.<\/li><li>In eigenen Seminaren biete ich auch an, wie Mitarbeiterf\u00fchrung geht, denn dies ist die eigentliche Aufgabe eines Chefs, F\u00fcrsorge f\u00fcr die Menschen zu entwickeln die mit ihnen Tag f\u00fcr Tag gemeinsam an einem Strang ziehen.<\/li><li>Der Umsatz wird es ihnen danken, da ihre Mitarbeiter im Umgang mit den Waren, den Kunden und auch im Sinne der Wirtschaftlichkeit volle Kompetenz erlangen.<\/li><\/ul>\n\n\n\n<h2 class=\"wp-block-heading\"><strong><u>Vorteile f\u00fcr ihre Mitarbeiter:<\/u><\/strong><\/h2>\n\n\n\n<ul class=\"wp-block-list\"><li>Bewusstmachen der Probleme im Betrieb sind wichtig um Verbesserungen einzuleiten.<\/li><li>Ihre Mitarbeiter schauen mit mir gemeinsam \u00fcber den Tellerrand hinaus und sind so selbstbestimmter.<\/li><li>Sie entwickeln Kreativit\u00e4t und Weitblick und der gemeinsame Schritt hinaus aus der Komfortzone wird leicht.<\/li><li>Wir erkunden den Markt und erkennen Trends f\u00fcr die Zukunft.<\/li><li>Es werden gemeinsam Ma\u00dfnahmen entwickelt, die in Teamarbeit umgesetzt werden.<\/li><li>Sie haben mit der Onlineakademie immer und jederzeit ein Nachschlagewerk an der Hand, dass sie begleiten wird.<\/li><li>Sie bekommen Motivation und Kompetenz, damit sie die t\u00e4glichen Aufgaben leicht bew\u00e4ltigen<\/li><\/ul>\n","protected":false},"excerpt":{"rendered":"<p>Weiterbildung Zeit- und Ortsunabh\u00e4ngig &#8211; Das ist unsere Dorfladen Akademie Zielgruppe sind die MitarbeiterInnen unserer Dorfl\u00e4den! Aktuell \u00fcberarbeiten wir das Gesamtkonzept. Sollten Sie aktuell Fragen haben oder Unterst\u00fctzung ben\u00f6tigen, nehmen Sie bitte Kontakt mit uns auf. Die Teilnahme ist f\u00fcr Mitglieder der Vereinigung der B\u00fcrger- und Dorfl\u00e4den kostenlos. Vorteile f\u00fcr [&hellip;]<\/p>\n","protected":false},"author":6,"featured_media":0,"parent":0,"menu_order":0,"comment_status":"closed","ping_status":"closed","template":"","meta":{"_eb_attr":"","_themeisle_gutenberg_block_has_review":false,"footnotes":""},"class_list":["post-5387","page","type-page","status-publish","hentry"],"yoast_head":"<!-- This site is optimized with the Yoast SEO plugin v26.0 - https:\/\/yoast.com\/wordpress\/plugins\/seo\/ -->\n<title>Dorfladen Akademie 24\/7 - Bundesverband der B\u00fcrger- und Dorfl\u00e4den e.V. - Das Dorfladen Netzwerk<\/title>\n<meta name=\"description\" content=\"Wir bieten unseren Mitgliedern Online Seminare zu den Frischebereichen an. Zeit- und Ortsunabh\u00e4ngig - wann und wo sie wollen.\" \/>\n<meta name=\"robots\" content=\"index, follow, max-snippet:-1, max-image-preview:large, max-video-preview:-1\" \/>\n<link rel=\"canonical\" href=\"https:\/\/bvbdl.de\/index.php\/dorfladen-akademie\/\" \/>\n<meta property=\"og:locale\" content=\"de_DE\" \/>\n<meta property=\"og:type\" content=\"article\" \/>\n<meta property=\"og:title\" content=\"Dorfladen Akademie 24\/7 - Bundesverband der B\u00fcrger- und Dorfl\u00e4den e.V. - Das Dorfladen Netzwerk\" \/>\n<meta property=\"og:description\" content=\"Wir bieten unseren Mitgliedern Online Seminare zu den Frischebereichen an. Zeit- und Ortsunabh\u00e4ngig - wann und wo sie wollen.\" \/>\n<meta property=\"og:url\" content=\"https:\/\/bvbdl.de\/index.php\/dorfladen-akademie\/\" \/>\n<meta property=\"og:site_name\" content=\"Bundesverband der B\u00fcrger- und Dorfl\u00e4den e.V. - Das Dorfladen Netzwerk\" \/>\n<meta property=\"article:publisher\" content=\"https:\/\/www.facebook.com\/Dorfladen.Familie\" \/>\n<meta property=\"article:modified_time\" content=\"2023-02-07T08:57:13+00:00\" \/>\n<meta name=\"twitter:card\" content=\"summary_large_image\" \/>\n<meta name=\"twitter:label1\" content=\"Gesch\u00e4tzte Lesezeit\" \/>\n\t<meta name=\"twitter:data1\" content=\"2\u00a0Minuten\" \/>\n<script type=\"application\/ld+json\" class=\"yoast-schema-graph\">{\"@context\":\"https:\/\/schema.org\",\"@graph\":[{\"@type\":\"WebPage\",\"@id\":\"https:\/\/bvbdl.de\/index.php\/dorfladen-akademie\/\",\"url\":\"https:\/\/bvbdl.de\/index.php\/dorfladen-akademie\/\",\"name\":\"Dorfladen Akademie 24\/7 - Bundesverband der B\u00fcrger- und Dorfl\u00e4den e.V. - Das Dorfladen Netzwerk\",\"isPartOf\":{\"@id\":\"https:\/\/bvbdl.de\/#website\"},\"datePublished\":\"2021-11-18T20:53:54+00:00\",\"dateModified\":\"2023-02-07T08:57:13+00:00\",\"description\":\"Wir bieten unseren Mitgliedern Online Seminare zu den Frischebereichen an. Zeit- und Ortsunabh\u00e4ngig - wann und wo sie wollen.\",\"breadcrumb\":{\"@id\":\"https:\/\/bvbdl.de\/index.php\/dorfladen-akademie\/#breadcrumb\"},\"inLanguage\":\"de\",\"potentialAction\":[{\"@type\":\"ReadAction\",\"target\":[\"https:\/\/bvbdl.de\/index.php\/dorfladen-akademie\/\"]}]},{\"@type\":\"BreadcrumbList\",\"@id\":\"https:\/\/bvbdl.de\/index.php\/dorfladen-akademie\/#breadcrumb\",\"itemListElement\":[{\"@type\":\"ListItem\",\"position\":1,\"name\":\"Home\",\"item\":\"https:\/\/bvbdl.de\/\"},{\"@type\":\"ListItem\",\"position\":2,\"name\":\"Dorfladen Akademie 24\/7\"}]},{\"@type\":\"WebSite\",\"@id\":\"https:\/\/bvbdl.de\/#website\",\"url\":\"https:\/\/bvbdl.de\/\",\"name\":\"Bundesverband der B\u00fcrger- und Dorfl\u00e4den e.V. - Das Dorfladen Netzwerk\",\"description\":\"bvbdl.de\",\"publisher\":{\"@id\":\"https:\/\/bvbdl.de\/#organization\"},\"potentialAction\":[{\"@type\":\"SearchAction\",\"target\":{\"@type\":\"EntryPoint\",\"urlTemplate\":\"https:\/\/bvbdl.de\/?s={search_term_string}\"},\"query-input\":{\"@type\":\"PropertyValueSpecification\",\"valueRequired\":true,\"valueName\":\"search_term_string\"}}],\"inLanguage\":\"de\"},{\"@type\":\"Organization\",\"@id\":\"https:\/\/bvbdl.de\/#organization\",\"name\":\"Bundesverband der B\u00fcrger- und Dorfl\u00e4den in Deutschland e.V.\",\"url\":\"https:\/\/bvbdl.de\/\",\"logo\":{\"@type\":\"ImageObject\",\"inLanguage\":\"de\",\"@id\":\"https:\/\/bvbdl.de\/#\/schema\/logo\/image\/\",\"url\":\"https:\/\/bvbdl.de\/wp-content\/uploads\/2025\/02\/Logo_Bundesverband_with_border.png\",\"contentUrl\":\"https:\/\/bvbdl.de\/wp-content\/uploads\/2025\/02\/Logo_Bundesverband_with_border.png\",\"width\":302,\"height\":278,\"caption\":\"Bundesverband der B\u00fcrger- und Dorfl\u00e4den in Deutschland e.V.\"},\"image\":{\"@id\":\"https:\/\/bvbdl.de\/#\/schema\/logo\/image\/\"},\"sameAs\":[\"https:\/\/www.facebook.com\/Dorfladen.Familie\",\"https:\/\/www.instagram.com\/dorfladennetzwerk\/\",\"https:\/\/www.youtube.com\/channel\/UCiIcZBpITXauy6ydrZiZIew\"]}]}<\/script>\n<!-- \/ Yoast SEO plugin. -->","yoast_head_json":{"title":"Dorfladen Akademie 24\/7 - Bundesverband der B\u00fcrger- und Dorfl\u00e4den e.V. - Das Dorfladen Netzwerk","description":"Wir bieten unseren Mitgliedern Online Seminare zu den Frischebereichen an. Zeit- und Ortsunabh\u00e4ngig - wann und wo sie wollen.","robots":{"index":"index","follow":"follow","max-snippet":"max-snippet:-1","max-image-preview":"max-image-preview:large","max-video-preview":"max-video-preview:-1"},"canonical":"https:\/\/bvbdl.de\/index.php\/dorfladen-akademie\/","og_locale":"de_DE","og_type":"article","og_title":"Dorfladen Akademie 24\/7 - Bundesverband der B\u00fcrger- und Dorfl\u00e4den e.V. - Das Dorfladen Netzwerk","og_description":"Wir bieten unseren Mitgliedern Online Seminare zu den Frischebereichen an. Zeit- und Ortsunabh\u00e4ngig - wann und wo sie wollen.","og_url":"https:\/\/bvbdl.de\/index.php\/dorfladen-akademie\/","og_site_name":"Bundesverband der B\u00fcrger- und Dorfl\u00e4den e.V. - Das Dorfladen Netzwerk","article_publisher":"https:\/\/www.facebook.com\/Dorfladen.Familie","article_modified_time":"2023-02-07T08:57:13+00:00","twitter_card":"summary_large_image","twitter_misc":{"Gesch\u00e4tzte Lesezeit":"2\u00a0Minuten"},"schema":{"@context":"https:\/\/schema.org","@graph":[{"@type":"WebPage","@id":"https:\/\/bvbdl.de\/index.php\/dorfladen-akademie\/","url":"https:\/\/bvbdl.de\/index.php\/dorfladen-akademie\/","name":"Dorfladen Akademie 24\/7 - Bundesverband der B\u00fcrger- und Dorfl\u00e4den e.V. - Das Dorfladen Netzwerk","isPartOf":{"@id":"https:\/\/bvbdl.de\/#website"},"datePublished":"2021-11-18T20:53:54+00:00","dateModified":"2023-02-07T08:57:13+00:00","description":"Wir bieten unseren Mitgliedern Online Seminare zu den Frischebereichen an. Zeit- und Ortsunabh\u00e4ngig - wann und wo sie wollen.","breadcrumb":{"@id":"https:\/\/bvbdl.de\/index.php\/dorfladen-akademie\/#breadcrumb"},"inLanguage":"de","potentialAction":[{"@type":"ReadAction","target":["https:\/\/bvbdl.de\/index.php\/dorfladen-akademie\/"]}]},{"@type":"BreadcrumbList","@id":"https:\/\/bvbdl.de\/index.php\/dorfladen-akademie\/#breadcrumb","itemListElement":[{"@type":"ListItem","position":1,"name":"Home","item":"https:\/\/bvbdl.de\/"},{"@type":"ListItem","position":2,"name":"Dorfladen Akademie 24\/7"}]},{"@type":"WebSite","@id":"https:\/\/bvbdl.de\/#website","url":"https:\/\/bvbdl.de\/","name":"Bundesverband der B\u00fcrger- und Dorfl\u00e4den e.V. - Das Dorfladen Netzwerk","description":"bvbdl.de","publisher":{"@id":"https:\/\/bvbdl.de\/#organization"},"potentialAction":[{"@type":"SearchAction","target":{"@type":"EntryPoint","urlTemplate":"https:\/\/bvbdl.de\/?s={search_term_string}"},"query-input":{"@type":"PropertyValueSpecification","valueRequired":true,"valueName":"search_term_string"}}],"inLanguage":"de"},{"@type":"Organization","@id":"https:\/\/bvbdl.de\/#organization","name":"Bundesverband der B\u00fcrger- und Dorfl\u00e4den in Deutschland e.V.","url":"https:\/\/bvbdl.de\/","logo":{"@type":"ImageObject","inLanguage":"de","@id":"https:\/\/bvbdl.de\/#\/schema\/logo\/image\/","url":"https:\/\/bvbdl.de\/wp-content\/uploads\/2025\/02\/Logo_Bundesverband_with_border.png","contentUrl":"https:\/\/bvbdl.de\/wp-content\/uploads\/2025\/02\/Logo_Bundesverband_with_border.png","width":302,"height":278,"caption":"Bundesverband der B\u00fcrger- und Dorfl\u00e4den in Deutschland e.V."},"image":{"@id":"https:\/\/bvbdl.de\/#\/schema\/logo\/image\/"},"sameAs":["https:\/\/www.facebook.com\/Dorfladen.Familie","https:\/\/www.instagram.com\/dorfladennetzwerk\/","https:\/\/www.youtube.com\/channel\/UCiIcZBpITXauy6ydrZiZIew"]}]}},"_links":{"self":[{"href":"https:\/\/bvbdl.de\/index.php\/wp-json\/wp\/v2\/pages\/5387","targetHints":{"allow":["GET"]}}],"collection":[{"href":"https:\/\/bvbdl.de\/index.php\/wp-json\/wp\/v2\/pages"}],"about":[{"href":"https:\/\/bvbdl.de\/index.php\/wp-json\/wp\/v2\/types\/page"}],"author":[{"embeddable":true,"href":"https:\/\/bvbdl.de\/index.php\/wp-json\/wp\/v2\/users\/6"}],"replies":[{"embeddable":true,"href":"https:\/\/bvbdl.de\/index.php\/wp-json\/wp\/v2\/comments?post=5387"}],"version-history":[{"count":13,"href":"https:\/\/bvbdl.de\/index.php\/wp-json\/wp\/v2\/pages\/5387\/revisions"}],"predecessor-version":[{"id":6340,"href":"https:\/\/bvbdl.de\/index.php\/wp-json\/wp\/v2\/pages\/5387\/revisions\/6340"}],"wp:attachment":[{"href":"https:\/\/bvbdl.de\/index.php\/wp-json\/wp\/v2\/media?parent=5387"}],"curies":[{"name":"wp","href":"https:\/\/api.w.org\/{rel}","templated":true}]}}